{"id":74,"date":"2018-09-19T17:05:48","date_gmt":"2018-09-19T17:05:48","guid":{"rendered":"https:\/\/www.schule-am-lousberg.de\/wordpress_3\/?page_id=74"},"modified":"2025-09-10T17:00:22","modified_gmt":"2025-09-10T15:00:22","slug":"klassen","status":"publish","type":"page","link":"https:\/\/www.schule-am-lousberg.de\/wordpress_3\/schulleben\/klassen\/","title":{"rendered":"Unsere Klassen"},"content":{"rendered":"<h2 style=\"text-align: center;\"><span style=\"color: #000080;\">Unsere zehn Klassen sind nach Tieren benannt.<\/span><br \/>\n<span style=\"color: #000080;\">Hier stellen wir uns kurz vor:<\/span><\/h2>\n<p><img loading=\"lazy\" decoding=\"async\" class=\"aligncenter wp-image-6510 size-large\" src=\"https:\/\/www.schule-am-lousberg.de\/wordpress_3\/wp-content\/uploads\/2024\/08\/Klassentiere24-25-scaled-e1724178084330-1024x502.jpg\" alt=\"\" width=\"525\" height=\"257\" srcset=\"https:\/\/www.schule-am-lousberg.de\/wordpress_3\/wp-content\/uploads\/2024\/08\/Klassentiere24-25-scaled-e1724178084330-1024x502.jpg 1024w, https:\/\/www.schule-am-lousberg.de\/wordpress_3\/wp-content\/uploads\/2024\/08\/Klassentiere24-25-scaled-e1724178084330-300x147.jpg 300w, https:\/\/www.schule-am-lousberg.de\/wordpress_3\/wp-content\/uploads\/2024\/08\/Klassentiere24-25-scaled-e1724178084330-768x376.jpg 768w, https:\/\/www.schule-am-lousberg.de\/wordpress_3\/wp-content\/uploads\/2024\/08\/Klassentiere24-25-scaled-e1724178084330-1536x752.jpg 1536w, https:\/\/www.schule-am-lousberg.de\/wordpress_3\/wp-content\/uploads\/2024\/08\/Klassentiere24-25-scaled-e1724178084330-2048x1003.jpg 2048w\" sizes=\"auto, (max-width: 525px) 100vw, 525px\" \/><\/p>\n<hr \/>\n<h5><span style=\"color: #000080;\">Klasse 1a:<\/span><\/h5>\n<p><img loading=\"lazy\" decoding=\"async\" class=\"alignleft wp-image-5784 size-medium\" src=\"https:\/\/www.schule-am-lousberg.de\/wordpress_3\/wp-content\/uploads\/2023\/08\/Klassentier-RabeIMG_4694-225x300.jpg\" alt=\"\" width=\"225\" height=\"300\" srcset=\"https:\/\/www.schule-am-lousberg.de\/wordpress_3\/wp-content\/uploads\/2023\/08\/Klassentier-RabeIMG_4694-225x300.jpg 225w, https:\/\/www.schule-am-lousberg.de\/wordpress_3\/wp-content\/uploads\/2023\/08\/Klassentier-RabeIMG_4694.jpg 756w\" sizes=\"auto, (max-width: 225px) 100vw, 225px\" \/><\/p>\n<p align=\"justify\"><span style=\"font-family: Arial, sans-serif;\"><span style=\"font-size: medium;\">Wir sind die rabenstarke <b>Rabenk<\/b><b>lasse <\/b>1a und noch gar nicht lange hier an dieser Schule. In unsere Klasse gehen 13 M\u00e4dchen und 14 Jungen, die gerade zu einer guten Klassengemeinschaft zusammenwachsen m\u00f6chten. Die Zahlen und einige Buchstaben kennen wir nun schon. Neben dem Lernen ist es uns aber ganz besonders wichtig, dass sich alle Kinder wohl f\u00fchlen und wir miteinander friedlich spielen und Spa\u00df haben k\u00f6nnen. <\/span><\/span><\/p>\n<h5 align=\"LEFT\"><span style=\"color: #000080;\">Klasse 1b:\u00a0<\/span><\/h5>\n<p><img loading=\"lazy\" decoding=\"async\" class=\" wp-image-699 alignleft\" src=\"https:\/\/www.schule-am-lousberg.de\/wordpress_3\/wp-content\/uploads\/2018\/10\/pinguin-300x300.jpg\" alt=\"\" width=\"225\" height=\"225\" \/>In unserer <strong>Pinguinklasse<\/strong> lernen 15 M\u00e4dchen und 11 Jungen, und nat\u00fcrlich Paul, unser Klassenpinguin, der oft ganz sch\u00f6n viel Quatsch macht. Dann m\u00fcssen wir lachen! Wir haben schon die ersten Buchstaben und Zahlen schreiben ge\u00fcbt und kennen uns immer besser beim Buchstabenweg aus. Am liebsten machen wir Sport und Musik, denn musikalisch und sportlich sind wir auch. Wir halten fest zusammen und wollen uns gegenseitig helfen, wenn einer traurig ist. Unsere Klassenlehrerin ist Frau Scheidgen. In der Fr\u00fchst\u00fcckspause liest sie uns witzige B\u00fccher vor.<\/p>\n<h5 align=\"LEFT\"><span style=\"color: #000080;\">Klasse 2A:<\/span><\/h5>\n<p><img loading=\"lazy\" decoding=\"async\" class=\" wp-image-6511 alignleft\" style=\"font-size: 1rem;\" src=\"https:\/\/www.schule-am-lousberg.de\/wordpress_3\/wp-content\/uploads\/2024\/08\/Affe-269x300.jpg\" alt=\"\" width=\"237\" height=\"264\" srcset=\"https:\/\/www.schule-am-lousberg.de\/wordpress_3\/wp-content\/uploads\/2024\/08\/Affe-269x300.jpg 269w, https:\/\/www.schule-am-lousberg.de\/wordpress_3\/wp-content\/uploads\/2024\/08\/Affe-919x1024.jpg 919w, https:\/\/www.schule-am-lousberg.de\/wordpress_3\/wp-content\/uploads\/2024\/08\/Affe-768x856.jpg 768w, https:\/\/www.schule-am-lousberg.de\/wordpress_3\/wp-content\/uploads\/2024\/08\/Affe-1379x1536.jpg 1379w, https:\/\/www.schule-am-lousberg.de\/wordpress_3\/wp-content\/uploads\/2024\/08\/Affe-1838x2048.jpg 1838w\" sizes=\"auto, (max-width: 237px) 100vw, 237px\" \/><\/p>\n<p align=\"justify\"><span style=\"color: #2c363a;\"><span style=\"font-family: Arial, sans-serif;\"><span style=\"font-size: medium;\">Wir sind die <strong>Affenklasse<\/strong> und unsere Klassenlehrerin ist Frau Breusch.<br \/>\n<\/span><\/span><\/span><span style=\"font-family: Arial, sans-serif;\"><span style=\"font-size: medium;\"><span style=\"color: #2c363a;\">Unser Klassentier Alo freut sich sehr, dass wir ihm schon kleine Geschichten vorlesen k\u00f6nnen. Unsere Paten aus der Walklasse werden uns in diesem Schuljahr beim gemeinsamen Lesen von Lesespurgeschichten unterst\u00fctzen. Unsere Klassengemeinschaft hat sich gut entwickelt und wir achten darauf, uns gegenseitig zu helfen. Es macht uns Spa\u00df, nachmittags mit Doris zu n\u00e4hen und mit Claudia zu basteln.<\/span> <\/span><\/span><\/p>\n<h5 align=\"LEFT\"><span style=\"color: #000080;\">Klasse 2b:<\/span><\/h5>\n<p><img loading=\"lazy\" decoding=\"async\" class=\"size-medium wp-image-6512 alignleft\" src=\"https:\/\/www.schule-am-lousberg.de\/wordpress_3\/wp-content\/uploads\/2024\/08\/Maus-288x300.jpg\" alt=\"\" width=\"288\" height=\"300\" srcset=\"https:\/\/www.schule-am-lousberg.de\/wordpress_3\/wp-content\/uploads\/2024\/08\/Maus-288x300.jpg 288w, https:\/\/www.schule-am-lousberg.de\/wordpress_3\/wp-content\/uploads\/2024\/08\/Maus-982x1024.jpg 982w, https:\/\/www.schule-am-lousberg.de\/wordpress_3\/wp-content\/uploads\/2024\/08\/Maus-768x801.jpg 768w, https:\/\/www.schule-am-lousberg.de\/wordpress_3\/wp-content\/uploads\/2024\/08\/Maus-1473x1536.jpg 1473w, https:\/\/www.schule-am-lousberg.de\/wordpress_3\/wp-content\/uploads\/2024\/08\/Maus-1964x2048.jpg 1964w\" sizes=\"auto, (max-width: 288px) 100vw, 288px\" \/><\/p>\n<p align=\"justify\"><span style=\"font-family: Arial, sans-serif;\"><span style=\"font-size: medium;\"><span style=\"color: #2c363a;\">Wir sind die <strong>Mausklasse<\/strong>, Klasse 2b. Unsere Klassenlehrerin ist Frau Schmitz. In der Mausklasse lernen 26 Kinder gemeinsam die Schule, das Schulleben und den Unterricht kennen. Die M\u00e4use lieben die unterschiedlichen F\u00e4cher. In der Klasse sind 15 Jungen und 11 M\u00e4dchen. Wir freuen uns, diese bunte und lustige Mausklasse zu sein. Man wird noch Vieles von uns h\u00f6ren und sehen&#8230;.<\/span> <\/span><\/span><\/p>\n<h5 align=\"LEFT\"><span style=\"color: #000080;\">Klasse 2c:<\/span><\/h5>\n<p><img loading=\"lazy\" decoding=\"async\" class=\"size-medium wp-image-6513 alignleft\" src=\"https:\/\/www.schule-am-lousberg.de\/wordpress_3\/wp-content\/uploads\/2024\/08\/Zebra-271x300.jpg\" alt=\"\" width=\"271\" height=\"300\" srcset=\"https:\/\/www.schule-am-lousberg.de\/wordpress_3\/wp-content\/uploads\/2024\/08\/Zebra-271x300.jpg 271w, https:\/\/www.schule-am-lousberg.de\/wordpress_3\/wp-content\/uploads\/2024\/08\/Zebra-925x1024.jpg 925w, https:\/\/www.schule-am-lousberg.de\/wordpress_3\/wp-content\/uploads\/2024\/08\/Zebra-768x850.jpg 768w, https:\/\/www.schule-am-lousberg.de\/wordpress_3\/wp-content\/uploads\/2024\/08\/Zebra-1387x1536.jpg 1387w, https:\/\/www.schule-am-lousberg.de\/wordpress_3\/wp-content\/uploads\/2024\/08\/Zebra-1850x2048.jpg 1850w\" sizes=\"auto, (max-width: 271px) 100vw, 271px\" \/><\/p>\n<p align=\"justify\"><span style=\"font-family: Arial, sans-serif;\"><span style=\"font-size: medium;\">Wir sind die <strong>Zebraklasse<\/strong>. Unsere Klassenlehrerin ist Frau Schilgen. Wir sind 26 Kinder &#8211; <\/span><\/span><span style=\"font-family: Arial, sans-serif;\"><span style=\"font-size: medium;\">13 Jungen und 13 M\u00e4dchen. Und nat\u00fcrlich sind unsere Zebras &#8222;Zippi&#8220; und &#8222;Kleiner Zippi&#8220; auch dabei. Ihr seht auf dem Foto, dass Zippi sehr lustig schauen kann. Dann lachen wir uns kaputt.<br \/>\nWir sind ein gutes Team geworden. Besonders gerne bewegen wir uns, ob beim Fr\u00fchsport oder in der Turnhalle und auf dem Schulhof.<br \/>\n<\/span><\/span>Wir freuen uns jetzt auf das Rechnen mit gr\u00f6\u00dferen Zahlen und das Lernen der Schreibschrift. Au\u00dferdem lieben wir es, Experimente zu machen, malen und basteln sehr gerne und geben aufeinander acht.<\/p>\n<hr \/>\n<h5>Unsere dritten Klassen sind Paten f\u00fcr die ersten Klassen. Das schweisst zusammen.<\/h5>\n<h5 align=\"LEFT\"><span style=\"color: #000080;\">Klasse 3a:<\/span><\/h5>\n<h5 align=\"LEFT\"><img loading=\"lazy\" decoding=\"async\" class=\"wp-image-1727 size-medium alignleft\" src=\"https:\/\/www.schule-am-lousberg.de\/wordpress_3\/wp-content\/uploads\/2019\/09\/Erdm\u00e4nnchen-225x300.jpg\" alt=\"\" width=\"225\" height=\"300\" srcset=\"https:\/\/www.schule-am-lousberg.de\/wordpress_3\/wp-content\/uploads\/2019\/09\/Erdm\u00e4nnchen-225x300.jpg 225w, https:\/\/www.schule-am-lousberg.de\/wordpress_3\/wp-content\/uploads\/2019\/09\/Erdm\u00e4nnchen-768x1024.jpg 768w, https:\/\/www.schule-am-lousberg.de\/wordpress_3\/wp-content\/uploads\/2019\/09\/Erdm\u00e4nnchen.jpg 1512w\" sizes=\"auto, (max-width: 225px) 100vw, 225px\" \/><\/h5>\n<p align=\"JUSTIFY\"><span style=\"color: #000000;\"><span class=\"s2\">Wir sind die <strong>Erdm\u00e4nnchenklasse<\/strong>.<br \/>\nIn unsere Klasse gehen 26 Kinder<\/span> <span class=\"s2\">und nat<\/span><span class=\"s2\">\u00fc<\/span><span class=\"s2\">rlich<\/span><span class=\"s2\"> Tafiti<\/span><span class=\"s2\">, unser Klassen-Erdm<\/span><span class=\"s2\">\u00e4<\/span><span class=\"s2\">nnchen.<\/span> <span class=\"s2\">Er hilft uns, wie echte Erdm<\/span><span class=\"s2\">\u00e4<\/span><span class=\"s2\">nnchen, zu einem starken Team zusammenzuwachsen, bei dem alle f<\/span><span class=\"s2\">\u00fc<\/span><span class=\"s2\">reinander da sind. <\/span><span class=\"s2\">In jeder Fr<\/span><span class=\"s2\">\u00fc<\/span><span class=\"s2\">hst<\/span><span class=\"s2\">\u00fc<\/span><span class=\"s2\">ckspause liest uns Frau Kurtenbach, unsere Klassenlehrerin, Abenteuer vor, die Tafiti mit seinem besten Freund Pinsel erlebt hat. Das ist immer super spannend und wir lernen gleichzeitig, wie echte Erdm<\/span><span class=\"s2\">\u00e4<\/span><span class=\"s2\">nnchen zusammenzuhalten. Damit auch wir das so toll k<\/span><span class=\"s2\">\u00f6<\/span><span class=\"s2\">nnen, treffen wir uns w<\/span><span class=\"s2\">\u00f6<\/span><span class=\"s2\">chentlich <\/span><span class=\"s2\">im Klassenrat. Hier k<\/span><span class=\"s2\">\u00f6<\/span><span class=\"s2\">nnen wir uns <\/span><span class=\"s2\">\u00fc<\/span><span class=\"s2\">ber aktuelle Probleme und W<\/span><span class=\"s2\">\u00fc<\/span><span class=\"s2\">nsche austauschen und lernen, dass die Bed<\/span><span class=\"s2\">\u00fc<\/span><span class=\"s2\">rfnisse jedes Kindes in der Klasse wichtig sind.<\/span><\/span><\/p>\n<hr \/>\n<h5 align=\"JUSTIFY\"><span style=\"color: #000080;\">Klasse 3B:<\/span><\/h5>\n<p align=\"JUSTIFY\"><img loading=\"lazy\" decoding=\"async\" class=\"size-medium wp-image-6514 alignright\" src=\"https:\/\/www.schule-am-lousberg.de\/wordpress_3\/wp-content\/uploads\/2024\/08\/Fuchs-294x300.jpg\" alt=\"\" width=\"294\" height=\"300\" srcset=\"https:\/\/www.schule-am-lousberg.de\/wordpress_3\/wp-content\/uploads\/2024\/08\/Fuchs-294x300.jpg 294w, https:\/\/www.schule-am-lousberg.de\/wordpress_3\/wp-content\/uploads\/2024\/08\/Fuchs-1004x1024.jpg 1004w, https:\/\/www.schule-am-lousberg.de\/wordpress_3\/wp-content\/uploads\/2024\/08\/Fuchs-768x783.jpg 768w, https:\/\/www.schule-am-lousberg.de\/wordpress_3\/wp-content\/uploads\/2024\/08\/Fuchs-1507x1536.jpg 1507w, https:\/\/www.schule-am-lousberg.de\/wordpress_3\/wp-content\/uploads\/2024\/08\/Fuchs-2009x2048.jpg 2009w\" sizes=\"auto, (max-width: 294px) 100vw, 294px\" \/>Wir sind die<strong> Fuchsklasse<\/strong>. Wir sind eine tolle Gemeinschaft und helfen uns gegenseitig. Schlau, oder? Wie F\u00fcchse eben so sind. Unsere Klassenlehrerin ist Frau Eyckmann. Wir sind 26 Kinder und Fuchs Frido. Manchmal wandert er durch die Klasse und darf bei einem von uns auf dem Tisch sitzen. Das finden wir besonders sch\u00f6n.<\/p>\n<hr \/>\n<h5><span style=\"color: #000080;\">KLASSE 4A:<br \/>\n<\/span><\/h5>\n<p><img loading=\"lazy\" decoding=\"async\" class=\"size-medium wp-image-4830 alignleft\" src=\"https:\/\/www.schule-am-lousberg.de\/wordpress_3\/wp-content\/uploads\/2022\/08\/Wal-300x284.jpg\" alt=\"\" width=\"300\" height=\"284\" srcset=\"https:\/\/www.schule-am-lousberg.de\/wordpress_3\/wp-content\/uploads\/2022\/08\/Wal-300x284.jpg 300w, https:\/\/www.schule-am-lousberg.de\/wordpress_3\/wp-content\/uploads\/2022\/08\/Wal.jpg 480w\" sizes=\"auto, (max-width: 300px) 100vw, 300px\" \/><\/p>\n<p align=\"JUSTIFY\">Wir sind die <b>Walklasse. <\/b>Wir sind die Walklasse. Unsere Klassenlehrerin ist Frau Ollfisch. In unserem letzten Jahr an der Lousbergschule genie\u00dfen wir es, die Gro\u00dfen zu sein. Gemeinsam mit Wilma \u00fcbernehmen wir Verantwortung in der Schule und bereiten uns auf den Wechsel zur weiterf\u00fchrenden Schule vor. Besonders aufregend finden wir unsere Radfahrausbildung, bei der wir fit und sicher im Stra\u00dfenverkehr werden. Ein echtes Highlight wird unsere Klassenfahrt sein. Sie wird uns noch einmal richtig zusammenschwei\u00dfen. Bis wir uns am Ende des Schuljahres verabschieden m\u00fcssen, wollen wir unsere gemeinsame Zeit hier an der Lousbergschule noch einmal ganz besonders genie\u00dfen.<\/p>\n<h5><span style=\"color: #000080;\">KLASSE 4B:<\/span><\/h5>\n<p><img loading=\"lazy\" decoding=\"async\" class=\"alignleft wp-image-6516 size-medium\" src=\"https:\/\/www.schule-am-lousberg.de\/wordpress_3\/wp-content\/uploads\/2024\/08\/Elefant-2-297x300.jpg\" alt=\"\" width=\"297\" height=\"300\" srcset=\"https:\/\/www.schule-am-lousberg.de\/wordpress_3\/wp-content\/uploads\/2024\/08\/Elefant-2-297x300.jpg 297w, https:\/\/www.schule-am-lousberg.de\/wordpress_3\/wp-content\/uploads\/2024\/08\/Elefant-2-1013x1024.jpg 1013w, https:\/\/www.schule-am-lousberg.de\/wordpress_3\/wp-content\/uploads\/2024\/08\/Elefant-2-768x776.jpg 768w, https:\/\/www.schule-am-lousberg.de\/wordpress_3\/wp-content\/uploads\/2024\/08\/Elefant-2-1520x1536.jpg 1520w, https:\/\/www.schule-am-lousberg.de\/wordpress_3\/wp-content\/uploads\/2024\/08\/Elefant-2-2027x2048.jpg 2027w, https:\/\/www.schule-am-lousberg.de\/wordpress_3\/wp-content\/uploads\/2024\/08\/Elefant-2-100x100.jpg 100w\" sizes=\"auto, (max-width: 297px) 100vw, 297px\" \/><span style=\"font-size: medium;\">Wir sind die <strong>Elefantenklasse<\/strong>\u2026<\/span><\/p>\n<p><span style=\"font-size: 1rem;\">\u2026 und pl\u00f6tzlich schon im vierten Schuljahr. Jetzt sind wir \u201edie Gro\u00dfen\u201c und das hei\u00dft: Vorbild sein.<\/span><\/p>\n<p>Mit unserer Klassenlehrerin Frau Lausberg arbeiten wir t\u00e4glich daran. Wir m\u00f6chten ein Team sein und f\u00fcreinander einstehen. Dieses Jahr freuen wir uns besonders auf unsere Klassenfahrt im Oktober.<\/p>\n<h5><span style=\"color: #000080;\">KLASSE 4C:<\/span><\/h5>\n<p style=\"text-align: left;\"><img loading=\"lazy\" decoding=\"async\" class=\"size-medium wp-image-6517 alignleft\" src=\"https:\/\/www.schule-am-lousberg.de\/wordpress_3\/wp-content\/uploads\/2024\/08\/Marienkaefer-2-300x290.jpg\" alt=\"\" width=\"300\" height=\"290\" srcset=\"https:\/\/www.schule-am-lousberg.de\/wordpress_3\/wp-content\/uploads\/2024\/08\/Marienkaefer-2-300x290.jpg 300w, https:\/\/www.schule-am-lousberg.de\/wordpress_3\/wp-content\/uploads\/2024\/08\/Marienkaefer-2-1024x990.jpg 1024w, https:\/\/www.schule-am-lousberg.de\/wordpress_3\/wp-content\/uploads\/2024\/08\/Marienkaefer-2-768x742.jpg 768w, https:\/\/www.schule-am-lousberg.de\/wordpress_3\/wp-content\/uploads\/2024\/08\/Marienkaefer-2-1536x1485.jpg 1536w, https:\/\/www.schule-am-lousberg.de\/wordpress_3\/wp-content\/uploads\/2024\/08\/Marienkaefer-2-2048x1979.jpg 2048w\" sizes=\"auto, (max-width: 300px) 100vw, 300px\" \/><span style=\"text-align: right; font-size: 1rem;\">Die <b>Marienk\u00e4ferklasse<\/b> macht sich bereit f\u00fcr einen abenteuerlichen Flug durchs letzte Schuljahr am Lousberg: <\/span><span style=\"font-size: 1rem;\">24 Kinder, unsere Lehrerin Frau Gatzweiler und nat\u00fcrlich unser Klassentier Mucki.<br \/>\nIn unseren 3 Jahren am Lousberg haben wir schon viel gelernt, besonders, wie wichtig es ist, eine Gemeinschaft zu sein. Denn wie jeder wei\u00df, nur zusammen ist man so richtig stark! Neben unserer Begeisterung f\u00fcr Sport, sind wir auch sehr kreativ. Im letzten Jahr haben wir eine Kunstausstellung f\u00fcr die ganze Schule veranstaltet und mit unseren &#8222;Magic Cubes&#8220; alle verzaubert. Auch in diesem Jahr wollen wir ein tolles Kunstprojekt machen, aber pssst&#8230; wir d\u00fcrfen es noch nicht verraten! Voller Vorfreude z\u00e4hlen wir jetzt auch schon die Tage bis zu unserer Klassenfahrt, die wir gemeinsam mit der Elefanten- und der Walklasse machen.<\/span><\/p>\n","protected":false},"excerpt":{"rendered":"<p>Unsere zehn Klassen sind nach Tieren benannt. Hier stellen wir uns kurz vor: Klasse 1a: Wir sind die rabenstarke Rabenklasse 1a und noch gar nicht lange hier an dieser Schule. [&hellip;]<\/p>\n","protected":false},"author":1,"featured_media":0,"parent":41,"menu_order":0,"comment_status":"closed","ping_status":"closed","template":"","meta":{"footnotes":""},"class_list":["post-74","page","type-page","status-publish","hentry"],"_links":{"self":[{"href":"https:\/\/www.schule-am-lousberg.de\/wordpress_3\/wp-json\/wp\/v2\/pages\/74","targetHints":{"allow":["GET"]}}],"collection":[{"href":"https:\/\/www.schule-am-lousberg.de\/wordpress_3\/wp-json\/wp\/v2\/pages"}],"about":[{"href":"https:\/\/www.schule-am-lousberg.de\/wordpress_3\/wp-json\/wp\/v2\/types\/page"}],"author":[{"embeddable":true,"href":"https:\/\/www.schule-am-lousberg.de\/wordpress_3\/wp-json\/wp\/v2\/users\/1"}],"replies":[{"embeddable":true,"href":"https:\/\/www.schule-am-lousberg.de\/wordpress_3\/wp-json\/wp\/v2\/comments?post=74"}],"version-history":[{"count":213,"href":"https:\/\/www.schule-am-lousberg.de\/wordpress_3\/wp-json\/wp\/v2\/pages\/74\/revisions"}],"predecessor-version":[{"id":7424,"href":"https:\/\/www.schule-am-lousberg.de\/wordpress_3\/wp-json\/wp\/v2\/pages\/74\/revisions\/7424"}],"up":[{"embeddable":true,"href":"https:\/\/www.schule-am-lousberg.de\/wordpress_3\/wp-json\/wp\/v2\/pages\/41"}],"wp:attachment":[{"href":"https:\/\/www.schule-am-lousberg.de\/wordpress_3\/wp-json\/wp\/v2\/media?parent=74"}],"curies":[{"name":"wp","href":"https:\/\/api.w.org\/{rel}","templated":true}]}}