{"id":54,"date":"2018-09-19T17:00:05","date_gmt":"2018-09-19T17:00:05","guid":{"rendered":"https:\/\/www.schule-am-lousberg.de\/wordpress_3\/?page_id=54"},"modified":"2024-09-08T11:40:14","modified_gmt":"2024-09-08T09:40:14","slug":"geschichte-lage","status":"publish","type":"page","link":"https:\/\/www.schule-am-lousberg.de\/wordpress_3\/ueber-uns\/geschichte-lage\/","title":{"rendered":"Geschichte &#038; Lage"},"content":{"rendered":"<h1><strong><img loading=\"lazy\" decoding=\"async\" class=\"size-thumbnail wp-image-260 alignleft\" src=\"https:\/\/www.schule-am-lousberg.de\/wordpress_3\/wp-content\/uploads\/2018\/09\/erbaut-150x150.jpg\" alt=\"\" width=\"150\" height=\"150\" srcset=\"https:\/\/www.schule-am-lousberg.de\/wordpress_3\/wp-content\/uploads\/2018\/09\/erbaut-150x150.jpg 150w, https:\/\/www.schule-am-lousberg.de\/wordpress_3\/wp-content\/uploads\/2018\/09\/erbaut-300x300.jpg 300w, https:\/\/www.schule-am-lousberg.de\/wordpress_3\/wp-content\/uploads\/2018\/09\/erbaut-100x100.jpg 100w, https:\/\/www.schule-am-lousberg.de\/wordpress_3\/wp-content\/uploads\/2018\/09\/erbaut.jpg 608w\" sizes=\"auto, (max-width: 150px) 100vw, 150px\" \/>Chronik<\/strong><\/h1>\n<table width=\"1870\">\n<tbody>\n<tr>\n<td width=\"80\">1955<\/td>\n<td width=\"1790\">Einweihung der Kath. Volksschule Saarstra\u00dfe mit 14 Klassen<\/td>\n<\/tr>\n<tr>\n<td>1968<\/td>\n<td>Grund- und Hauptschulen werden eigenst\u00e4ndige Schulformen: Aus der Kath. Volksschule Saarstra\u00dfe wird die Gemeinschaftsgrundschule Saarstra\u00dfe.<\/td>\n<\/tr>\n<tr>\n<td>1975<\/td>\n<td>Errichtung zweier Pavillons auf dem Schulhof, um die Raumnot durch die wachsende Sch\u00fclerzahl zu mildern.<\/td>\n<\/tr>\n<tr>\n<td>1985<\/td>\n<td>Entfernung des Pavillons auf dem unteren Schulhof, da er auf Grund der Sch\u00fclerzahlen nicht mehr ben\u00f6tigt wird.<\/td>\n<\/tr>\n<tr>\n<td>1994<\/td>\n<td>Gr\u00fcndung des F\u00f6rdervereins der GGS Saarstra\u00dfe<\/td>\n<\/tr>\n<tr>\n<td>1994<\/td>\n<td>Einrichtung der gesicherten Halbtagsbetreuung an der GGS\u00a0Saarstra\u00dfe<\/td>\n<\/tr>\n<tr>\n<td>2000<\/td>\n<td>Er\u00f6ffnung der schuleigenen B\u00fccherei<\/td>\n<\/tr>\n<tr>\n<td>2001<\/td>\n<td>Namens\u00e4nderung (GGS Saarstra\u00dfe wird Schule am Lousberg)<\/td>\n<\/tr>\n<tr>\n<td>2005<\/td>\n<td>Der Schulkindergarten f\u00e4llt weg. Im Rahmen der integrierten Eingangsstufe werden die 1.\/ 2. Schuljahre gemeinsam unterrichtet.<\/td>\n<\/tr>\n<tr>\n<td>2006<\/td>\n<td>Einrichtung der <a href=\"https:\/\/www.schule-am-lousberg.de\/wordpress_3\/index.php\/ganztag\/\">Offenen Ganztagsschule<\/a> (OGS)<\/td>\n<\/tr>\n<tr>\n<td>2008<\/td>\n<td>Einweihung der vom F\u00f6rderverein gestifteten Schulk\u00fcche<\/td>\n<\/tr>\n<tr>\n<td>2011<\/td>\n<td>Mit Unterst\u00fctzung der Eltern- und Lehrerschaft, des F\u00f6rdervereins sowie des Vereins Stadtoasen e.V. wurden alle drei Abschnitte unserer umfassenden Schulhofumgestaltung bis zum Fr\u00fchjahr 2011 erfolgreich umgesetzt.<\/td>\n<\/tr>\n<tr>\n<td>2012<\/td>\n<td>Einrichtung des Angebots der <a href=\"https:\/\/www.schule-am-lousberg.de\/wordpress_3\/index.php\/ueber-uns\/schulsozialarbeit\/\">Schulsozialarbeit<\/a> (Schulsozialarbeiterin R. Moog)<\/td>\n<\/tr>\n<tr>\n<td>2013<\/td>\n<td>Seit 2013 ist die GGS am Lousberg <a href=\"https:\/\/www.schule-am-lousberg.de\/wordpress_3\/index.php\/unterricht\/lernen-am-lousberg\/\">inklusive Schule<\/a> . Das bedeutet, dass seit diesem Zeitpunkt zus\u00e4tzlich zu dem Lehrpersonal auch spezielle Sonderschullehrer an der Schule arbeiten, die sich vorwiegend um Kinder k\u00fcmmern, die besondere F\u00f6rderschwerpunkte Art haben. Dies kann aber auch bei Kindern ohne ausgewiesenen sonderp\u00e4dagogischen F\u00f6rderbedarf der Fall sein \u2013 so k\u00f6nnen alle Kinder vom zus\u00e4tzlichen Fachpersonal profitieren.<\/td>\n<\/tr>\n<tr>\n<td>2014<\/td>\n<td>Ein vom Landesverband \u201e<a href=\"https:\/\/www.schule-am-lousberg.de\/wordpress_3\/index.php\/schulleben\/kooperationen-projekte\/\">Kultur und Schule<\/a>\u201c unterst\u00fctztes zweij\u00e4hriges Kunstprojekt wurde an der GGS am Lousberg umgesetzt. Es entstanden kinetische Wandinstallationen sowohl im Innen- als auch im oberen \u00e4u\u00dferen Eingangsbereich, und den Sch\u00fclern wurden \u201eAkkumulations- Skulpturen\u201c n\u00e4hergebracht. Ferner wurde die Neum\u00f6blierung unseres <a href=\"https:\/\/www.schule-am-lousberg.de\/wordpress_3\/index.php\/unterricht\/lernorte\/\">Computerraumes<\/a> durch unseren F\u00f6rderverein sowie die mediale Neuausstattung aller Computer des Raumes mit Unterst\u00fctzung der regio-iT f\u00fcr die Stadt Aachen umgesetzt. Neu aufgebaut wurde eine umfangreiche Mediathek f\u00fcr unsere Sch\u00fcler.<\/td>\n<\/tr>\n<tr>\n<td>2019<\/td>\n<td>In den Osterferien 2020 war eine weitere Umgestaltung des oberen Schulhofes mit zus\u00e4tzlicher gro\u00dfz\u00fcgiger Unterst\u00fctzung der Stadt (Gute Schule 2020)\u00a0 geplant. Die Kinder der Schule haben flei\u00dfig Bilder mit ihren W\u00fcnschen zur Schulhofumgestaltung gemalt, von denen eine Auswahl im obersten Treppenhausflur ausgestellt ist. Bisher wurden bereits die Neugestaltung der Mauer aufgrund einer Initiative der OGS umgesetzt und Pflanzk\u00fcbel durch die Garten-AG der OGS mit Unterst\u00fctzung des F\u00f6rdervereins aufgestellt. Hier wachsen nun allerlei Blumen, Gem\u00fcse und Kr\u00e4uter, die flei\u00dfig umhegt, gepflegt bzw. geerntet werden. Die &#8222;gr\u00fcne Oase&#8220; l\u00e4dt mit ihrem Garten- und Gew\u00e4chshaus, in dem aktuell Tomaten und K\u00fcrbisse gedeihen, dem jungen Wein und mehreren idyllischen Schatten- und Sitzpl\u00e4tzen zum Verweilen ein und bietet R\u00fcckzugsm\u00f6glichkeiten vom manchmal trubeligen Schulalltag.<\/td>\n<\/tr>\n<tr>\n<td>&nbsp;<\/p>\n<p>&nbsp;<\/td>\n<td><\/td>\n<\/tr>\n<tr>\n<td>2020<\/p>\n<p>&nbsp;<\/p>\n<p>&nbsp;<\/p>\n<p>&nbsp;<\/p>\n<p>&nbsp;<\/p>\n<p>&nbsp;<\/p>\n<p>&nbsp;<\/p>\n<p>&nbsp;<\/p>\n<p>&nbsp;<\/p>\n<p>&nbsp;<\/p>\n<p>2022<\/p>\n<p>&nbsp;<\/p>\n<p>&nbsp;<\/p>\n<p>&nbsp;<\/p>\n<p>2024<\/p>\n<p>&nbsp;<\/p>\n<p>&nbsp;<\/p>\n<p>&nbsp;<\/td>\n<td>Der Musiksaal der Schule, ein Raum f\u00fcr Veranstaltungen wie z.B. den Musikabend, Informationsveranstaltungen, die Karnevalsfeier, Tanz- und Theaterauff\u00fchrungen usw. ist mit neuester Technik (inkl. Beamer und Musikanlage) ausgestattet, so dass nun auch mediale Vorf\u00fchrungen f\u00fcr die Klassen oder die ganze Schule auf h\u00f6chstem Niveau m\u00f6glich sind.<\/p>\n<p>Unsere Schule startet mit drei 1. Schuljahren. Ab dem Schuljahr 2020\/21 sind wir 2,5-z\u00fcgig .<\/p>\n<p>&nbsp;<\/p>\n<p>Corona ist eine Herausforderung, die uns seit Jahren begleitet und die von Kindern, Eltern und dem Lousberg-Team bestm\u00f6glich gemeistert wird, mit aller geforderten Flexibilt\u00e4t, stetig angepasstem Hygienekonzept und gegenseitigem gro\u00dfen Verst\u00e4ndnis sowie beeindruckendem Miteinander!<\/p>\n<p>Der geplante Schulhofumbau auf dem oberen Schulhof\u00a0 fand kurz vor den Sommerferien statt. Seitdem schm\u00fccken neue Kletter- und Spielger\u00e4te unseren Hof, die von den Kindern begeistert in Betrieb genommen wurden.<\/p>\n<p>Seit der Durchf\u00fchrung unseres einj\u00e4hrigen Mobilit\u00e4tskonzeptes mit Hilfe der Stadt und eines Klimab\u00fcros ist das Augenmerk unserer Schule ganz besonders auf einen nachhaltigen, klimafreundlichen Umgang mit Mobilit\u00e4t gerichtet.\u00a0 Beim &#8222;Schulradeln NRW 2023 und 2024&#8220; schafften die Unterst\u00fctzer unserer Schule eine beeindruckende Anzahl an Kilometern und zuletzt den 2. Platz aller Aachener Schulen.<\/p>\n<p>Mit gro\u00dfer Elternunterst\u00fctzung wurden der Schulhof und unsere gr\u00fcne Oase noch weiter versch\u00f6nert, und es entstanden neue Hochbeete und ein farbenfroher Anstrich der Bauminseln.<\/p>\n<p>Aktuell besuchen unsere Schule nahezu 260 Kinder.<\/p>\n<p>&nbsp;<\/td>\n<\/tr>\n<\/tbody>\n<\/table>\n<p>&nbsp;<\/p>\n","protected":false},"excerpt":{"rendered":"<p>Chronik 1955 Einweihung der Kath. Volksschule Saarstra\u00dfe mit 14 Klassen 1968 Grund- und Hauptschulen werden eigenst\u00e4ndige Schulformen: Aus der Kath. Volksschule Saarstra\u00dfe wird die Gemeinschaftsgrundschule Saarstra\u00dfe. 1975 Errichtung zweier Pavillons [&hellip;]<\/p>\n","protected":false},"author":1,"featured_media":0,"parent":9,"menu_order":0,"comment_status":"closed","ping_status":"closed","template":"","meta":{"footnotes":""},"class_list":["post-54","page","type-page","status-publish","hentry"],"_links":{"self":[{"href":"https:\/\/www.schule-am-lousberg.de\/wordpress_3\/wp-json\/wp\/v2\/pages\/54","targetHints":{"allow":["GET"]}}],"collection":[{"href":"https:\/\/www.schule-am-lousberg.de\/wordpress_3\/wp-json\/wp\/v2\/pages"}],"about":[{"href":"https:\/\/www.schule-am-lousberg.de\/wordpress_3\/wp-json\/wp\/v2\/types\/page"}],"author":[{"embeddable":true,"href":"https:\/\/www.schule-am-lousberg.de\/wordpress_3\/wp-json\/wp\/v2\/users\/1"}],"replies":[{"embeddable":true,"href":"https:\/\/www.schule-am-lousberg.de\/wordpress_3\/wp-json\/wp\/v2\/comments?post=54"}],"version-history":[{"count":21,"href":"https:\/\/www.schule-am-lousberg.de\/wordpress_3\/wp-json\/wp\/v2\/pages\/54\/revisions"}],"predecessor-version":[{"id":6727,"href":"https:\/\/www.schule-am-lousberg.de\/wordpress_3\/wp-json\/wp\/v2\/pages\/54\/revisions\/6727"}],"up":[{"embeddable":true,"href":"https:\/\/www.schule-am-lousberg.de\/wordpress_3\/wp-json\/wp\/v2\/pages\/9"}],"wp:attachment":[{"href":"https:\/\/www.schule-am-lousberg.de\/wordpress_3\/wp-json\/wp\/v2\/media?parent=54"}],"curies":[{"name":"wp","href":"https:\/\/api.w.org\/{rel}","templated":true}]}}