{"id":3749,"date":"2021-08-28T14:01:13","date_gmt":"2021-08-28T12:01:13","guid":{"rendered":"https:\/\/www.schule-am-lousberg.de\/wordpress_3\/?page_id=3749"},"modified":"2025-12-07T21:38:50","modified_gmt":"2025-12-07T20:38:50","slug":"tag-der-offenen-tuer","status":"publish","type":"page","link":"https:\/\/www.schule-am-lousberg.de\/wordpress_3\/aktuelle-elterninformationen\/tag-der-offenen-tuer\/","title":{"rendered":"Tag der offenen T\u00fcr"},"content":{"rendered":"<p style=\"text-align: center;\">Im <strong>Schuljahr 2025\/26<\/strong> fand unser<br \/>\n<strong>Tag der offenen T\u00fcr<\/strong> am <strong>Samstag<\/strong>, dem\u00a0 <strong>27. September 2025,<\/strong> statt.<\/p>\n<p>&nbsp;<\/p>\n<p><img loading=\"lazy\" decoding=\"async\" class=\"wp-image-5969 size-large aligncenter\" src=\"https:\/\/www.schule-am-lousberg.de\/wordpress_3\/wp-content\/uploads\/2023\/09\/TdoT-Tafel-e1696014332262-908x1024.jpg\" alt=\"\" width=\"525\" height=\"592\" srcset=\"https:\/\/www.schule-am-lousberg.de\/wordpress_3\/wp-content\/uploads\/2023\/09\/TdoT-Tafel-e1696014332262-908x1024.jpg 908w, https:\/\/www.schule-am-lousberg.de\/wordpress_3\/wp-content\/uploads\/2023\/09\/TdoT-Tafel-e1696014332262-266x300.jpg 266w, https:\/\/www.schule-am-lousberg.de\/wordpress_3\/wp-content\/uploads\/2023\/09\/TdoT-Tafel-e1696014332262-768x867.jpg 768w, https:\/\/www.schule-am-lousberg.de\/wordpress_3\/wp-content\/uploads\/2023\/09\/TdoT-Tafel-e1696014332262-1361x1536.jpg 1361w, https:\/\/www.schule-am-lousberg.de\/wordpress_3\/wp-content\/uploads\/2023\/09\/TdoT-Tafel-e1696014332262.jpg 1536w\" sizes=\"auto, (max-width: 525px) 100vw, 525px\" \/><\/p>\n<p>Die Eltern unserer Schule boten wieder pers\u00f6nliche und individuelle Elternf\u00fchrungen durch unsere Schule an. Auch das Lousberg-Team stand f\u00fcr alle Fragen rund um unsere Schule bereit, so dass viele gute Gespr\u00e4che gef\u00fchrt werden konnten und wohl keine Frage offenblieben.<\/p>\n<p><a href=\"https:\/\/www.schule-am-lousberg.de\/wordpress_3\/wp-content\/uploads\/2025\/03\/TdoT-PLakat-2025.pdf\">Plakat Tag der offenen T\u00fcr 2025<\/a><\/p>\n<p><a href=\"https:\/\/www.schule-am-lousberg.de\/wordpress_3\/wp-content\/uploads\/2025\/03\/Elternbrief-zum-Tag-der-offenen-Tuer-2025.pdf\">Elternbrief zum Tag der offenen T\u00fcr 2025<\/a><\/p>\n<p><a href=\"https:\/\/www.schule-am-lousberg.de\/wordpress_3\/wp-content\/uploads\/2025\/03\/Anmeldebogen-zum-Ausfuellen-27.9.25.pdf\">Anmeldebogen zum Ausf\u00fcllen, Tag der offenen T\u00fcr, 27.9.2025<\/a><\/p>\n<p>&nbsp;<\/p>\n<p><img loading=\"lazy\" decoding=\"async\" class=\"size-large wp-image-5108 aligncenter\" src=\"https:\/\/www.schule-am-lousberg.de\/wordpress_3\/wp-content\/uploads\/2022\/09\/IMG_3722-Ausschnitt-1024x702.jpg\" alt=\"\" width=\"525\" height=\"360\" srcset=\"https:\/\/www.schule-am-lousberg.de\/wordpress_3\/wp-content\/uploads\/2022\/09\/IMG_3722-Ausschnitt-1024x702.jpg 1024w, https:\/\/www.schule-am-lousberg.de\/wordpress_3\/wp-content\/uploads\/2022\/09\/IMG_3722-Ausschnitt-300x206.jpg 300w, https:\/\/www.schule-am-lousberg.de\/wordpress_3\/wp-content\/uploads\/2022\/09\/IMG_3722-Ausschnitt-768x527.jpg 768w, https:\/\/www.schule-am-lousberg.de\/wordpress_3\/wp-content\/uploads\/2022\/09\/IMG_3722-Ausschnitt-1536x1054.jpg 1536w, https:\/\/www.schule-am-lousberg.de\/wordpress_3\/wp-content\/uploads\/2022\/09\/IMG_3722-Ausschnitt-2048x1405.jpg 2048w\" sizes=\"auto, (max-width: 525px) 100vw, 525px\" \/><\/p>\n<p><img loading=\"lazy\" decoding=\"async\" class=\"aligncenter wp-image-5968 size-large\" src=\"https:\/\/www.schule-am-lousberg.de\/wordpress_3\/wp-content\/uploads\/2023\/09\/TdoT-Dach-e1696014230255-1024x814.jpg\" alt=\"\" width=\"525\" height=\"417\" srcset=\"https:\/\/www.schule-am-lousberg.de\/wordpress_3\/wp-content\/uploads\/2023\/09\/TdoT-Dach-e1696014230255-1024x814.jpg 1024w, https:\/\/www.schule-am-lousberg.de\/wordpress_3\/wp-content\/uploads\/2023\/09\/TdoT-Dach-e1696014230255-300x238.jpg 300w, https:\/\/www.schule-am-lousberg.de\/wordpress_3\/wp-content\/uploads\/2023\/09\/TdoT-Dach-e1696014230255-768x611.jpg 768w, https:\/\/www.schule-am-lousberg.de\/wordpress_3\/wp-content\/uploads\/2023\/09\/TdoT-Dach-e1696014230255.jpg 1536w\" sizes=\"auto, (max-width: 525px) 100vw, 525px\" \/><\/p>\n<p>&nbsp;<\/p>\n<p>&nbsp;<\/p>\n<p>&nbsp;<\/p>\n<p>&nbsp;<\/p>\n","protected":false},"excerpt":{"rendered":"<p>Im Schuljahr 2025\/26 fand unser Tag der offenen T\u00fcr am Samstag, dem\u00a0 27. September 2025, statt. &nbsp; Die Eltern unserer Schule boten wieder pers\u00f6nliche und individuelle Elternf\u00fchrungen durch unsere Schule [&hellip;]<\/p>\n","protected":false},"author":1,"featured_media":0,"parent":2381,"menu_order":0,"comment_status":"closed","ping_status":"closed","template":"","meta":{"footnotes":""},"class_list":["post-3749","page","type-page","status-publish","hentry"],"_links":{"self":[{"href":"https:\/\/www.schule-am-lousberg.de\/wordpress_3\/wp-json\/wp\/v2\/pages\/3749","targetHints":{"allow":["GET"]}}],"collection":[{"href":"https:\/\/www.schule-am-lousberg.de\/wordpress_3\/wp-json\/wp\/v2\/pages"}],"about":[{"href":"https:\/\/www.schule-am-lousberg.de\/wordpress_3\/wp-json\/wp\/v2\/types\/page"}],"author":[{"embeddable":true,"href":"https:\/\/www.schule-am-lousberg.de\/wordpress_3\/wp-json\/wp\/v2\/users\/1"}],"replies":[{"embeddable":true,"href":"https:\/\/www.schule-am-lousberg.de\/wordpress_3\/wp-json\/wp\/v2\/comments?post=3749"}],"version-history":[{"count":71,"href":"https:\/\/www.schule-am-lousberg.de\/wordpress_3\/wp-json\/wp\/v2\/pages\/3749\/revisions"}],"predecessor-version":[{"id":7638,"href":"https:\/\/www.schule-am-lousberg.de\/wordpress_3\/wp-json\/wp\/v2\/pages\/3749\/revisions\/7638"}],"up":[{"embeddable":true,"href":"https:\/\/www.schule-am-lousberg.de\/wordpress_3\/wp-json\/wp\/v2\/pages\/2381"}],"wp:attachment":[{"href":"https:\/\/www.schule-am-lousberg.de\/wordpress_3\/wp-json\/wp\/v2\/media?parent=3749"}],"curies":[{"name":"wp","href":"https:\/\/api.w.org\/{rel}","templated":true}]}}